{"id":345,"date":"2020-05-26T08:26:28","date_gmt":"2020-05-26T08:26:28","guid":{"rendered":"http:\/\/www.dibujotecnicopasoapaso.com\/?page_id=345"},"modified":"2021-01-26T20:23:40","modified_gmt":"2021-01-26T20:23:40","slug":"perspectiva-isometrica","status":"publish","type":"page","link":"http:\/\/www.dibujotecnicopasoapaso.com\/index.php\/perspectiva-isometrica\/","title":{"rendered":"PERSPECTIVA ISOM\u00c9TRICA"},"content":{"rendered":"\n<p>En esta secci\u00f3n a\u00f1adiremos los v\u00eddeos relacionados con la perspectiva isom\u00e9trica, desde los fundamentos y ejes, hasta los cortes con un plano.<\/p>\n\n\n\n<figure class=\"wp-block-embed is-type-video is-provider-youtube wp-block-embed-youtube wp-embed-aspect-16-9 wp-has-aspect-ratio\"><div class=\"wp-block-embed__wrapper\">\n<div class='embed-container'><iframe title=\"\ud83d\udca3 EJES en ISOM\u00c9TRICA \ud83d\ude0d 2 m\u00e9todos facil\u00edsimos \ud83d\udca5 ESCUADRA y CARTAB\u00d3N | REGLA y COMP\u00c1S\" width=\"1920\" height=\"1080\" src=\"https:\/\/www.youtube.com\/embed\/_XqzlgQvdgE?feature=oembed\" frameborder=\"0\" allow=\"accelerometer; autoplay; clipboard-write; encrypted-media; gyroscope; picture-in-picture\" allowfullscreen><\/iframe><\/div>\n<\/div><\/figure>\n\n\n\n<figure class=\"wp-block-embed is-type-video is-provider-youtube wp-block-embed-youtube wp-embed-aspect-16-9 wp-has-aspect-ratio\"><div class=\"wp-block-embed__wrapper\">\n<div class='embed-container'><iframe title=\"\ud83d\udcd0\ud83d\udd8a Uso de la escala gr\u00e1fica en perspectiva isom\u00e9trica \ud83d\udcd0 escala isom\u00e9trica \ud83d\udc4d Vistas en isom\u00e9trica\" width=\"1920\" height=\"1080\" src=\"https:\/\/www.youtube.com\/embed\/MsYyplg9MDQ?feature=oembed\" frameborder=\"0\" allow=\"accelerometer; autoplay; clipboard-write; encrypted-media; gyroscope; picture-in-picture\" allowfullscreen><\/iframe><\/div>\n<\/div><\/figure>\n\n\n\n<figure class=\"wp-block-embed is-type-video is-provider-youtube wp-block-embed-youtube wp-embed-aspect-16-9 wp-has-aspect-ratio\"><div class=\"wp-block-embed__wrapper\">\n<div class='embed-container'><iframe title=\"\u26a1 FIGURAS en perspectiva ISOM\u00c9TRICA \u2699\ufe0f Pieza 02 a partir de las vistas\" width=\"1920\" height=\"1080\" src=\"https:\/\/www.youtube.com\/embed\/bCJvJW7ycgE?feature=oembed\" frameborder=\"0\" allow=\"accelerometer; autoplay; clipboard-write; encrypted-media; gyroscope; picture-in-picture\" allowfullscreen><\/iframe><\/div>\n<\/div><\/figure>\n\n\n\n<figure class=\"wp-block-embed is-type-video is-provider-youtube wp-block-embed-youtube wp-embed-aspect-16-9 wp-has-aspect-ratio\"><div class=\"wp-block-embed__wrapper\">\n<div class='embed-container'><iframe title=\"\u26a1 Perspectiva ISOMETRICA a partir de las VISTAS \u2699\ufe0f Figuras en isom\u00e9trico 01\" width=\"1920\" height=\"1080\" src=\"https:\/\/www.youtube.com\/embed\/daDwoPgdSKY?feature=oembed\" frameborder=\"0\" allow=\"accelerometer; autoplay; clipboard-write; encrypted-media; gyroscope; picture-in-picture\" allowfullscreen><\/iframe><\/div>\n<\/div><\/figure>\n\n\n\n<figure class=\"wp-block-embed is-type-video is-provider-youtube wp-block-embed-youtube wp-embed-aspect-16-9 wp-has-aspect-ratio\"><div class=\"wp-block-embed__wrapper\">\n<div class='embed-container'><iframe title=\"\u2b55 Como hacer una CIRCUNFERENCIA en perspectiva ISOM\u00c9TRICA \ud83c\udfc9\" width=\"1920\" height=\"1080\" src=\"https:\/\/www.youtube.com\/embed\/uzCm9SB-sTM?feature=oembed\" frameborder=\"0\" allow=\"accelerometer; autoplay; clipboard-write; encrypted-media; gyroscope; picture-in-picture\" allowfullscreen><\/iframe><\/div>\n<\/div><\/figure>\n\n\n\n<figure class=\"wp-block-embed is-type-video is-provider-youtube wp-block-embed-youtube wp-embed-aspect-16-9 wp-has-aspect-ratio\"><div class=\"wp-block-embed__wrapper\">\n<div class='embed-container'><iframe title=\"\u2705 CILINDRO en perspectiva ISOM\u00c9TRICA | cilindros en perspectiva\" width=\"1920\" height=\"1080\" src=\"https:\/\/www.youtube.com\/embed\/kAcIw7kYruI?feature=oembed\" frameborder=\"0\" allow=\"accelerometer; autoplay; clipboard-write; encrypted-media; gyroscope; picture-in-picture\" allowfullscreen><\/iframe><\/div>\n<\/div><\/figure>\n\n\n\n<figure class=\"wp-block-embed is-type-video is-provider-youtube wp-block-embed-youtube wp-embed-aspect-16-9 wp-has-aspect-ratio\"><div class=\"wp-block-embed__wrapper\">\n<div class='embed-container'><iframe title=\"\ud83d\udcaa CILINDRO en ISOMETRICO \ud83d\udd25 usando plantilla de CURVAS \ud83c\udfc6 Gran descubrimiento\" width=\"1920\" height=\"1080\" src=\"https:\/\/www.youtube.com\/embed\/2aY38tCvQ08?feature=oembed\" frameborder=\"0\" allow=\"accelerometer; autoplay; clipboard-write; encrypted-media; gyroscope; picture-in-picture\" allowfullscreen><\/iframe><\/div>\n<\/div><\/figure>\n\n\n\n<figure class=\"wp-block-embed is-type-video is-provider-youtube wp-block-embed-youtube wp-embed-aspect-16-9 wp-has-aspect-ratio\"><div class=\"wp-block-embed__wrapper\">\n<div class='embed-container'><iframe title=\"SECCI\u00d3N DE PLANO EN PIEZA \ud83d\udd2a  3 PIEZAS \ud83d\udd2a CORTES isom\u00e9tricos dibujo t\u00e9cnico\" width=\"1920\" height=\"1080\" src=\"https:\/\/www.youtube.com\/embed\/j6VW35vSX70?feature=oembed\" frameborder=\"0\" allow=\"accelerometer; autoplay; clipboard-write; encrypted-media; gyroscope; picture-in-picture\" allowfullscreen><\/iframe><\/div>\n<\/div><\/figure>\n\n\n\n<figure class=\"wp-block-embed is-type-video is-provider-youtube wp-block-embed-youtube wp-embed-aspect-16-9 wp-has-aspect-ratio\"><div class=\"wp-block-embed__wrapper\">\n<div class='embed-container'><iframe title=\"\ud83d\udd2a  SECCI\u00d3N DE PLANO EN PIEZA \ud83d\udd2a CORTES isom\u00e9tricos dibujo t\u00e9cnico\" width=\"1920\" height=\"1080\" src=\"https:\/\/www.youtube.com\/embed\/yv5idXZkHzI?feature=oembed\" frameborder=\"0\" allow=\"accelerometer; autoplay; clipboard-write; encrypted-media; gyroscope; picture-in-picture\" allowfullscreen><\/iframe><\/div>\n<\/div><\/figure>\n\n\n\n<figure class=\"wp-block-embed is-type-video is-provider-youtube wp-block-embed-youtube wp-embed-aspect-16-9 wp-has-aspect-ratio\"><div class=\"wp-block-embed__wrapper\">\n<div class='embed-container'><iframe title=\"Secci\u00f3n isom\u00e9trico \ud83d\udc8e corte de una pieza en dibujo t\u00e9cnico\" width=\"1920\" height=\"1080\" src=\"https:\/\/www.youtube.com\/embed\/-PAsImLA1fk?feature=oembed\" frameborder=\"0\" allow=\"accelerometer; autoplay; clipboard-write; encrypted-media; gyroscope; picture-in-picture\" allowfullscreen><\/iframe><\/div>\n<\/div><\/figure>\n","protected":false},"excerpt":{"rendered":"<p>En esta secci\u00f3n a\u00f1adiremos los v\u00eddeos relacionados con la perspectiva isom\u00e9trica, desde los fundamentos y ejes, hasta los cortes con un plano.<\/p>\n","protected":false},"author":1,"featured_media":0,"parent":0,"menu_order":0,"comment_status":"closed","ping_status":"closed","template":"","meta":{"footnotes":""},"class_list":["post-345","page","type-page","status-publish","hentry"],"_links":{"self":[{"href":"http:\/\/www.dibujotecnicopasoapaso.com\/index.php\/wp-json\/wp\/v2\/pages\/345","targetHints":{"allow":["GET"]}}],"collection":[{"href":"http:\/\/www.dibujotecnicopasoapaso.com\/index.php\/wp-json\/wp\/v2\/pages"}],"about":[{"href":"http:\/\/www.dibujotecnicopasoapaso.com\/index.php\/wp-json\/wp\/v2\/types\/page"}],"author":[{"embeddable":true,"href":"http:\/\/www.dibujotecnicopasoapaso.com\/index.php\/wp-json\/wp\/v2\/users\/1"}],"replies":[{"embeddable":true,"href":"http:\/\/www.dibujotecnicopasoapaso.com\/index.php\/wp-json\/wp\/v2\/comments?post=345"}],"version-history":[{"count":3,"href":"http:\/\/www.dibujotecnicopasoapaso.com\/index.php\/wp-json\/wp\/v2\/pages\/345\/revisions"}],"predecessor-version":[{"id":406,"href":"http:\/\/www.dibujotecnicopasoapaso.com\/index.php\/wp-json\/wp\/v2\/pages\/345\/revisions\/406"}],"wp:attachment":[{"href":"http:\/\/www.dibujotecnicopasoapaso.com\/index.php\/wp-json\/wp\/v2\/media?parent=345"}],"curies":[{"name":"wp","href":"https:\/\/api.w.org\/{rel}","templated":true}]}}